{"id":3554,"date":"2024-09-06T16:31:59","date_gmt":"2024-09-06T19:31:59","guid":{"rendered":"https:\/\/esem.org.br\/?page_id=3554"},"modified":"2024-11-14T08:52:40","modified_gmt":"2024-11-14T11:52:40","slug":"curso-de-formacao-no-combate-aos-mercados-ilicitos-de-insumos-agricolas-2a-edicao","status":"publish","type":"page","link":"https:\/\/esem.org.br\/en\/curso-de-formacao-no-combate-aos-mercados-ilicitos-de-insumos-agricolas-2a-edicao\/","title":{"rendered":"Curso de Forma\u00e7\u00e3o no Combate aos Mercados Il\u00edcitos de Insumos Agr\u00edcolas- 2\u00aa edi\u00e7\u00e3o"},"content":{"rendered":"<div data-elementor-type=\"wp-page\" data-elementor-id=\"3554\" class=\"elementor elementor-3554\" data-elementor-post-type=\"page\">\n\t\t\t\t\t\t<section class=\"elementor-section elementor-top-section elementor-element elementor-element-547277ee elementor-section-content-middle elementor-section-boxed elementor-section-height-default elementor-section-height-default\" data-id=\"547277ee\" data-element_type=\"section\" data-e-type=\"section\" data-settings=\"{&quot;background_background&quot;:&quot;classic&quot;,&quot;ekit_has_onepagescroll_dot&quot;:&quot;yes&quot;}\">\n\t\t\t\t\t\t\t<div class=\"elementor-background-overlay\"><\/div>\n\t\t\t\t\t\t\t<div class=\"elementor-container elementor-column-gap-default\">\n\t\t\t\t\t<div class=\"elementor-column elementor-col-100 elementor-top-column elementor-element elementor-element-2d652086\" data-id=\"2d652086\" data-element_type=\"column\" data-e-type=\"column\">\n\t\t\t<div class=\"elementor-widget-wrap elementor-element-populated\">\n\t\t\t\t\t\t<div class=\"elementor-element elementor-element-782c067 elementor-widget__width-initial elementor-widget elementor-widget-heading\" data-id=\"782c067\" data-element_type=\"widget\" data-e-type=\"widget\" data-settings=\"{&quot;ekit_we_effect_on&quot;:&quot;none&quot;}\" data-widget_type=\"heading.default\">\n\t\t\t\t<div class=\"elementor-widget-container\">\n\t\t\t\t\t<h1 class=\"elementor-heading-title elementor-size-default\">PROGRAMA DE FORMA\u00c7\u00c3O NO COMBATE AOS MERCADOS IL\u00cdCITOS DE INSUMOS AGR\u00cdCOLAS- 2\u00aa EDI\u00c7\u00c3O<\/h1>\t\t\t\t<\/div>\n\t\t\t\t<\/div>\n\t\t\t\t\t<\/div>\n\t\t<\/div>\n\t\t\t\t\t<\/div>\n\t\t<\/section>\n\t\t\t\t<section class=\"elementor-section elementor-top-section elementor-element elementor-element-7ce4c034 elementor-section-boxed elementor-section-height-default elementor-section-height-default\" data-id=\"7ce4c034\" data-element_type=\"section\" data-e-type=\"section\" data-settings=\"{&quot;ekit_has_onepagescroll_dot&quot;:&quot;yes&quot;}\">\n\t\t\t\t\t\t<div class=\"elementor-container elementor-column-gap-default\">\n\t\t\t\t\t<div class=\"elementor-column elementor-col-50 elementor-top-column elementor-element elementor-element-65c82df\" data-id=\"65c82df\" data-element_type=\"column\" data-e-type=\"column\">\n\t\t\t<div class=\"elementor-widget-wrap elementor-element-populated\">\n\t\t\t\t\t\t<div class=\"elementor-element elementor-element-79e1f901 elementor-widget elementor-widget-image\" data-id=\"79e1f901\" data-element_type=\"widget\" data-e-type=\"widget\" data-settings=\"{&quot;ekit_we_effect_on&quot;:&quot;none&quot;}\" data-widget_type=\"image.default\">\n\t\t\t\t<div class=\"elementor-widget-container\">\n\t\t\t\t\t\t\t\t\t\t\t\t\t\t\t<img fetchpriority=\"high\" decoding=\"async\" width=\"800\" height=\"800\" src=\"https:\/\/esem.org.br\/wp-content\/uploads\/2024\/09\/WhatsApp-Image-2024-09-05-at-12.22.46-1024x1024.jpeg\" class=\"attachment-large size-large wp-image-3555\" alt=\"\" srcset=\"https:\/\/esem.org.br\/wp-content\/uploads\/2024\/09\/WhatsApp-Image-2024-09-05-at-12.22.46-1024x1024.jpeg 1024w, https:\/\/esem.org.br\/wp-content\/uploads\/2024\/09\/WhatsApp-Image-2024-09-05-at-12.22.46-300x300.jpeg 300w, https:\/\/esem.org.br\/wp-content\/uploads\/2024\/09\/WhatsApp-Image-2024-09-05-at-12.22.46-150x150.jpeg 150w, https:\/\/esem.org.br\/wp-content\/uploads\/2024\/09\/WhatsApp-Image-2024-09-05-at-12.22.46-768x768.jpeg 768w, https:\/\/esem.org.br\/wp-content\/uploads\/2024\/09\/WhatsApp-Image-2024-09-05-at-12.22.46-1536x1536.jpeg 1536w, https:\/\/esem.org.br\/wp-content\/uploads\/2024\/09\/WhatsApp-Image-2024-09-05-at-12.22.46-12x12.jpeg 12w, https:\/\/esem.org.br\/wp-content\/uploads\/2024\/09\/WhatsApp-Image-2024-09-05-at-12.22.46.jpeg 1599w\" sizes=\"(max-width: 800px) 100vw, 800px\" \/>\t\t\t\t\t\t\t\t\t\t\t\t\t\t\t<\/div>\n\t\t\t\t<\/div>\n\t\t\t\t\t<\/div>\n\t\t<\/div>\n\t\t\t\t<div class=\"elementor-column elementor-col-50 elementor-top-column elementor-element elementor-element-64f80b1d\" data-id=\"64f80b1d\" data-element_type=\"column\" data-e-type=\"column\">\n\t\t\t<div class=\"elementor-widget-wrap elementor-element-populated\">\n\t\t\t\t\t\t<div class=\"elementor-element elementor-element-512dbe0 elementor-widget elementor-widget-heading\" data-id=\"512dbe0\" data-element_type=\"widget\" data-e-type=\"widget\" data-settings=\"{&quot;ekit_we_effect_on&quot;:&quot;none&quot;}\" data-widget_type=\"heading.default\">\n\t\t\t\t<div class=\"elementor-widget-container\">\n\t\t\t\t\t<h2 class=\"elementor-heading-title elementor-size-default\">General Information<\/h2>\t\t\t\t<\/div>\n\t\t\t\t<\/div>\n\t\t\t\t<div class=\"elementor-element elementor-element-6f17e4 elementor-align-start elementor-widget__width-initial elementor-list-item-link-full_width elementor-widget elementor-widget-icon-list\" data-id=\"6f17e4\" data-element_type=\"widget\" data-e-type=\"widget\" data-settings=\"{&quot;ekit_we_effect_on&quot;:&quot;none&quot;}\" data-widget_type=\"icon-list.default\">\n\t\t\t\t<div class=\"elementor-widget-container\">\n\t\t\t\t\t\t\t<ul class=\"elementor-icon-list-items\">\n\t\t\t\t\t\t\t<li class=\"elementor-icon-list-item\">\n\t\t\t\t\t\t\t\t\t\t\t<span class=\"elementor-icon-list-icon\">\n\t\t\t\t\t\t\t<i aria-hidden=\"true\" class=\"fas fa-clock\"><\/i>\t\t\t\t\t\t<\/span>\n\t\t\t\t\t\t\t\t\t\t<span class=\"elementor-icon-list-text\">Dura\u00e7\u00e3o: hor\u00e1ria total de 120 horas de atividades s\u00edncronas e ass\u00edncronas<\/span>\n\t\t\t\t\t\t\t\t\t<\/li>\n\t\t\t\t\t\t\t\t<li class=\"elementor-icon-list-item\">\n\t\t\t\t\t\t\t\t\t\t\t<span class=\"elementor-icon-list-icon\">\n\t\t\t\t\t\t\t<i aria-hidden=\"true\" class=\"fas fa-sort-amount-up-alt\"><\/i>\t\t\t\t\t\t<\/span>\n\t\t\t\t\t\t\t\t\t\t<span class=\"elementor-icon-list-text\">P\u00fablico-alvo: agentes de seguran\u00e7a p\u00fablica que trabalham ou se interessam pela tem\u00e1tica de insumos agr\u00edcolas ilegais, seja no Brasil ou em outros pa\u00edses da Am\u00e9rica Latina.<\/span>\n\t\t\t\t\t\t\t\t\t<\/li>\n\t\t\t\t\t\t\t\t<li class=\"elementor-icon-list-item\">\n\t\t\t\t\t\t\t\t\t\t\t<span class=\"elementor-icon-list-icon\">\n\t\t\t\t\t\t\t<i aria-hidden=\"true\" class=\"fas fa-laptop\"><\/i>\t\t\t\t\t\t<\/span>\n\t\t\t\t\t\t\t\t\t\t<span class=\"elementor-icon-list-text\">Format: 100% online and free<\/span>\n\t\t\t\t\t\t\t\t\t<\/li>\n\t\t\t\t\t\t\t\t<li class=\"elementor-icon-list-item\">\n\t\t\t\t\t\t\t\t\t\t\t<span class=\"elementor-icon-list-icon\">\n\t\t\t\t\t\t\t<i aria-hidden=\"true\" class=\"fas fa-check\"><\/i>\t\t\t\t\t\t<\/span>\n\t\t\t\t\t\t\t\t\t\t<span class=\"elementor-icon-list-text\">O curso \u00e9 modular  permite a obten\u00e7\u00e3o de certificados intermedi\u00e1rios ao concluir cada modalidade.<\/span>\n\t\t\t\t\t\t\t\t\t<\/li>\n\t\t\t\t\t\t\t\t<li class=\"elementor-icon-list-item\">\n\t\t\t\t\t\t\t\t\t\t\t<span class=\"elementor-icon-list-icon\">\n\t\t\t\t\t\t\t<i aria-hidden=\"true\" class=\"far fa-list-alt\"><\/i>\t\t\t\t\t\t<\/span>\n\t\t\t\t\t\t\t\t\t\t<span class=\"elementor-icon-list-text\">Languages: Portuguese and Spanish<\/span>\n\t\t\t\t\t\t\t\t\t<\/li>\n\t\t\t\t\t\t<\/ul>\n\t\t\t\t\t\t<\/div>\n\t\t\t\t<\/div>\n\t\t\t\t<div class=\"elementor-element elementor-element-32479ee elementor-align-center elementor-widget elementor-widget-button\" data-id=\"32479ee\" data-element_type=\"widget\" data-e-type=\"widget\" data-settings=\"{&quot;ekit_we_effect_on&quot;:&quot;none&quot;}\" data-widget_type=\"button.default\">\n\t\t\t\t<div class=\"elementor-widget-container\">\n\t\t\t\t\t\t\t\t\t<div class=\"elementor-button-wrapper\">\n\t\t\t\t\t<a class=\"elementor-button elementor-button-link elementor-size-sm\" href=\"https:\/\/uspdigital.usp.br\/apolo\/inscricaoPublicaFormTurmaListar?codund=87&#038;codcurceu=870400040&#038;codedicurceu=24002&#038;numseqofeedi=1&#038;oriins=W\" target=\"_blank\">\n\t\t\t\t\t\t<span class=\"elementor-button-content-wrapper\">\n\t\t\t\t\t\t\t\t\t<span class=\"elementor-button-text\">Registrations Closed<\/span>\n\t\t\t\t\t<\/span>\n\t\t\t\t\t<\/a>\n\t\t\t\t<\/div>\n\t\t\t\t\t\t\t\t<\/div>\n\t\t\t\t<\/div>\n\t\t\t\t<section class=\"elementor-section elementor-inner-section elementor-element elementor-element-54ab3cf elementor-section-boxed elementor-section-height-default elementor-section-height-default\" data-id=\"54ab3cf\" data-element_type=\"section\" data-e-type=\"section\" data-settings=\"{&quot;background_background&quot;:&quot;classic&quot;,&quot;ekit_has_onepagescroll_dot&quot;:&quot;yes&quot;}\">\n\t\t\t\t\t\t<div class=\"elementor-container elementor-column-gap-default\">\n\t\t\t\t\t<div class=\"elementor-column elementor-col-100 elementor-inner-column elementor-element elementor-element-be7ca88\" data-id=\"be7ca88\" data-element_type=\"column\" data-e-type=\"column\" data-settings=\"{&quot;background_background&quot;:&quot;classic&quot;}\">\n\t\t\t<div class=\"elementor-widget-wrap elementor-element-populated\">\n\t\t\t\t\t\t<div class=\"elementor-element elementor-element-6edbba6f elementor-widget-divider--view-line elementor-widget elementor-widget-divider\" data-id=\"6edbba6f\" data-element_type=\"widget\" data-e-type=\"widget\" data-settings=\"{&quot;ekit_we_effect_on&quot;:&quot;none&quot;}\" data-widget_type=\"divider.default\">\n\t\t\t\t<div class=\"elementor-widget-container\">\n\t\t\t\t\t\t\t<div class=\"elementor-divider\">\n\t\t\t<span class=\"elementor-divider-separator\">\n\t\t\t\t\t\t<\/span>\n\t\t<\/div>\n\t\t\t\t\t\t<\/div>\n\t\t\t\t<\/div>\n\t\t\t\t\t<\/div>\n\t\t<\/div>\n\t\t\t\t\t<\/div>\n\t\t<\/section>\n\t\t\t\t\t<\/div>\n\t\t<\/div>\n\t\t\t\t\t<\/div>\n\t\t<\/section>\n\t\t\t\t<section class=\"elementor-section elementor-top-section elementor-element elementor-element-cfa0b86 elementor-section-boxed elementor-section-height-default elementor-section-height-default\" data-id=\"cfa0b86\" data-element_type=\"section\" data-e-type=\"section\" data-settings=\"{&quot;ekit_has_onepagescroll_dot&quot;:&quot;yes&quot;}\">\n\t\t\t\t\t\t<div class=\"elementor-container elementor-column-gap-default\">\n\t\t\t\t\t<div class=\"elementor-column elementor-col-100 elementor-top-column elementor-element elementor-element-647649a\" data-id=\"647649a\" data-element_type=\"column\" data-e-type=\"column\">\n\t\t\t<div class=\"elementor-widget-wrap elementor-element-populated\">\n\t\t\t\t\t\t<div class=\"elementor-element elementor-element-8f8ee4f elementor-tabs-alignment-stretch elementor-tabs-view-horizontal elementor-widget elementor-widget-tabs\" data-id=\"8f8ee4f\" data-element_type=\"widget\" data-e-type=\"widget\" data-settings=\"{&quot;ekit_we_effect_on&quot;:&quot;none&quot;}\" data-widget_type=\"tabs.default\">\n\t\t\t\t<div class=\"elementor-widget-container\">\n\t\t\t\t\t\t\t<div class=\"elementor-tabs\">\n\t\t\t<div class=\"elementor-tabs-wrapper\" role=\"tablist\" >\n\t\t\t\t\t\t\t\t\t<div id=\"elementor-tab-title-1501\" class=\"elementor-tab-title elementor-tab-desktop-title\" aria-selected=\"true\" data-tab=\"1\" role=\"tab\" tabindex=\"0\" aria-controls=\"elementor-tab-content-1501\" aria-expanded=\"false\">ABOUT THE COURSE <\/div>\n\t\t\t\t\t\t\t\t\t<div id=\"elementor-tab-title-1502\" class=\"elementor-tab-title elementor-tab-desktop-title\" aria-selected=\"false\" data-tab=\"2\" role=\"tab\" tabindex=\"-1\" aria-controls=\"elementor-tab-content-1502\" aria-expanded=\"false\">TARGET AUDIENCE <\/div>\n\t\t\t\t\t\t\t\t\t<div id=\"elementor-tab-title-1503\" class=\"elementor-tab-title elementor-tab-desktop-title\" aria-selected=\"false\" data-tab=\"3\" role=\"tab\" tabindex=\"-1\" aria-controls=\"elementor-tab-content-1503\" aria-expanded=\"false\">HOURS<\/div>\n\t\t\t\t\t\t\t\t\t<div id=\"elementor-tab-title-1504\" class=\"elementor-tab-title elementor-tab-desktop-title\" aria-selected=\"false\" data-tab=\"4\" role=\"tab\" tabindex=\"-1\" aria-controls=\"elementor-tab-content-1504\" aria-expanded=\"false\">METHODOLOGY<\/div>\n\t\t\t\t\t\t\t\t\t<div id=\"elementor-tab-title-1505\" class=\"elementor-tab-title elementor-tab-desktop-title\" aria-selected=\"false\" data-tab=\"5\" role=\"tab\" tabindex=\"-1\" aria-controls=\"elementor-tab-content-1505\" aria-expanded=\"false\">TEACHING METHODS <\/div>\n\t\t\t\t\t\t\t\t\t<div id=\"elementor-tab-title-1506\" class=\"elementor-tab-title elementor-tab-desktop-title\" aria-selected=\"false\" data-tab=\"6\" role=\"tab\" tabindex=\"-1\" aria-controls=\"elementor-tab-content-1506\" aria-expanded=\"false\">CERTIFICADOS INTERMEDI\u00c1RIOS<\/div>\n\t\t\t\t\t\t\t<\/div>\n\t\t\t<div class=\"elementor-tabs-content-wrapper\" role=\"tablist\" aria-orientation=\"vertical\">\n\t\t\t\t\t\t\t\t\t<div class=\"elementor-tab-title elementor-tab-mobile-title\" aria-selected=\"true\" data-tab=\"1\" role=\"tab\" tabindex=\"0\" aria-controls=\"elementor-tab-content-1501\" aria-expanded=\"false\">ABOUT THE COURSE <\/div>\n\t\t\t\t\t<div id=\"elementor-tab-content-1501\" class=\"elementor-tab-content elementor-clearfix\" data-tab=\"1\" role=\"tabpanel\" aria-labelledby=\"elementor-tab-title-1501\" tabindex=\"0\" hidden=\"false\"><p><span style=\"font-weight: 400;\">O Curso EAD \u201cPrograma de Forma\u00e7\u00e3o no Combate aos Mercados Il\u00edcitos de Insumos Agr\u00edcolas- 2\u00aaedi\u00e7\u00e3o\u201d oferece forma\u00e7\u00e3o profissional continuada a agentes de seguran\u00e7a p\u00fablica e privada brasileiros e latino-americanos que atuam em regi\u00f5es de produ\u00e7\u00e3o, circula\u00e7\u00e3o e comercializa\u00e7\u00e3o de insumos agr\u00edcolas ilegais. O objetivo central \u00e9 que o concluinte esteja mais qualificado para atuar no reconhecimento, apreens\u00e3o, manuseio, fiscaliza\u00e7\u00e3o e investiga\u00e7\u00e3o destes produtos, bem como conhecer as t\u00e9cnicas, procedimentos e riscos associados ao manejo para resguardar a sa\u00fade e seguran\u00e7a f\u00edsica dos profissionais.<\/span><\/p><\/div>\n\t\t\t\t\t\t\t\t\t<div class=\"elementor-tab-title elementor-tab-mobile-title\" aria-selected=\"false\" data-tab=\"2\" role=\"tab\" tabindex=\"-1\" aria-controls=\"elementor-tab-content-1502\" aria-expanded=\"false\">TARGET AUDIENCE <\/div>\n\t\t\t\t\t<div id=\"elementor-tab-content-1502\" class=\"elementor-tab-content elementor-clearfix\" data-tab=\"2\" role=\"tabpanel\" aria-labelledby=\"elementor-tab-title-1502\" tabindex=\"0\" hidden=\"hidden\"><h4><span style=\"color: #000000;\">Public Security agents (Civil Police, Military Police, Federal Highway Police, Federal Police, Technical-Scientific Police, Municipal Guards); Inspection agents of federal, state and municipal entities, public or private; Agents of the Judiciary and Public Prosecutors, federal and state; Public servants; Undergraduate and graduate students.<\/span><\/h4><\/div>\n\t\t\t\t\t\t\t\t\t<div class=\"elementor-tab-title elementor-tab-mobile-title\" aria-selected=\"false\" data-tab=\"3\" role=\"tab\" tabindex=\"-1\" aria-controls=\"elementor-tab-content-1503\" aria-expanded=\"false\">HOURS<\/div>\n\t\t\t\t\t<div id=\"elementor-tab-content-1503\" class=\"elementor-tab-content elementor-clearfix\" data-tab=\"3\" role=\"tabpanel\" aria-labelledby=\"elementor-tab-title-1503\" tabindex=\"0\" hidden=\"hidden\"><div class=\"bdt-ep-accordion-item bdt-open\"><div id=\"bdt-accordion-0-content-2\" class=\"bdt-ep-accordion-content bdt-accordion-content\" role=\"region\" aria-labelledby=\"bdt-ep-accordion-carga-horria\"><p><span style=\"font-weight: 400;\">O Programa de Forma\u00e7\u00e3o no Combate aos Mercados Il\u00edcitos de Insumos Agr\u00edcolas contar\u00e1 com um novo modelo de certifica\u00e7\u00e3o com o objetivo de atender de forma mais flex\u00edvel \u00e0s demandas e necessidades de nossas alunas e alunos.<\/span><\/p><p><span style=\"font-weight: 400;\">O programa completo \u00e9 constitu\u00eddo de <\/span><b>120 horas<\/b><span style=\"font-weight: 400;\"> de atividades s\u00edncronas e ass\u00edncronas. Est\u00e1 organizado em <\/span><b>4 M\u00f3dulos de Forma\u00e7\u00e3o<\/b><span style=\"font-weight: 400;\">, sendo eles:<\/span><\/p><p><span style=\"font-weight: 400;\">&#8211; Introdu\u00e7\u00e3o aos Mercados de Insumos Agr\u00edcolas Ilegais (30h)<\/span><\/p><p><span style=\"font-weight: 400;\">&#8211; Policiamento Ostensivo de Insumos Agr\u00edcolas (30h)<\/span><\/p><p><span style=\"font-weight: 400;\">&#8211; Fiscaliza\u00e7\u00e3o de Insumos Agr\u00edcolas Ilegais (30)<\/span><\/p><p><span style=\"font-weight: 400;\">&#8211; Investiga\u00e7\u00e3o de Insumos Agr\u00edcolas Ilegais (30h)<\/span><\/p><\/div><\/div><\/div>\n\t\t\t\t\t\t\t\t\t<div class=\"elementor-tab-title elementor-tab-mobile-title\" aria-selected=\"false\" data-tab=\"4\" role=\"tab\" tabindex=\"-1\" aria-controls=\"elementor-tab-content-1504\" aria-expanded=\"false\">METHODOLOGY<\/div>\n\t\t\t\t\t<div id=\"elementor-tab-content-1504\" class=\"elementor-tab-content elementor-clearfix\" data-tab=\"4\" role=\"tabpanel\" aria-labelledby=\"elementor-tab-title-1504\" tabindex=\"0\" hidden=\"hidden\"><p>\u00a0<\/p><p><span style=\"font-weight: 400;\">A metodologia utilizada no curso ser\u00e1 o <\/span><i><span style=\"font-weight: 400;\">Problem-Based Learning<\/span><\/i><span style=\"font-weight: 400;\"> que busca dialogar com os temas pr\u00e1ticos com conceitos te\u00f3ricos. O objetivo dessa metodologia \u00e9 gerar aproxima\u00e7\u00e3o entre o tema e o p\u00fablico-alvo, por meio de troca de informa\u00e7\u00f5es, aumentando a margem de absor\u00e7\u00e3o do conte\u00fado. As aulas ser\u00e3o desenvolvidas com foco em possibilitar que a(o) estudante utilize os conhecimentos apresentados na sua pr\u00e1tica profissional.\u00a0<\/span><\/p><p><span style=\"font-weight: 400;\">As aulas individuais ser\u00e3o formatadas na metodologia <\/span><i><span style=\"font-weight: 400;\">micro-learning<\/span><\/i><span style=\"font-weight: 400;\">, que consiste em v\u00eddeos curtos, intercalados por quest\u00f5es de fixa\u00e7\u00e3o do conte\u00fado. Os v\u00eddeos e os exerc\u00edcios criam uma trilha de conhecimento que possibilita ao aluno utilizar os conceitos logo ap\u00f3s terem sido apresentados, o que promove um aprendizado din\u00e2mico.<\/span><\/p><\/div>\n\t\t\t\t\t\t\t\t\t<div class=\"elementor-tab-title elementor-tab-mobile-title\" aria-selected=\"false\" data-tab=\"5\" role=\"tab\" tabindex=\"-1\" aria-controls=\"elementor-tab-content-1505\" aria-expanded=\"false\">TEACHING METHODS <\/div>\n\t\t\t\t\t<div id=\"elementor-tab-content-1505\" class=\"elementor-tab-content elementor-clearfix\" data-tab=\"5\" role=\"tabpanel\" aria-labelledby=\"elementor-tab-title-1505\" tabindex=\"0\" hidden=\"hidden\"><ul><li><p><span style=\"font-weight: 400;\">The teaching of the content will be divided into three categories, namely:\u00a0<\/span><\/p><ul><li style=\"font-weight: 400;\" aria-level=\"1\"><b>Aulas gravadas<\/b><span style=\"font-weight: 400;\"> com especialistas sobre o processo de investiga\u00e7\u00e3o de insumos agr\u00edcolas ilegais, bem como temas correlatos a este (Atividade Obrigat\u00f3ria);<\/span><\/li><li style=\"font-weight: 400;\" aria-level=\"1\"><b>Fixation Exercises<\/b><span style=\"font-weight: 400;\"> ser\u00e3o oferecidos entre as aulas para que os alunos possam trabalhar de maneira din\u00e2mica e imediata os conceitos que acabaram de ser apresentados (Atividade Obrigat\u00f3ria);<\/span><\/li><li style=\"font-weight: 400;\" aria-level=\"1\"><span style=\"font-weight: 400;\">Ao longo do curso, ser\u00e3o oferecidas atividades ass\u00edncronas, especialmente no formato de Semin\u00e1rios Especiais, onde s\u00e3o trazidos especialistas para aprofundar os temas das aulas oferecidas (Atividades Opcionais).<\/span><\/li><\/ul><\/li><\/ul><\/div>\n\t\t\t\t\t\t\t\t\t<div class=\"elementor-tab-title elementor-tab-mobile-title\" aria-selected=\"false\" data-tab=\"6\" role=\"tab\" tabindex=\"-1\" aria-controls=\"elementor-tab-content-1506\" aria-expanded=\"false\">CERTIFICADOS INTERMEDI\u00c1RIOS<\/div>\n\t\t\t\t\t<div id=\"elementor-tab-content-1506\" class=\"elementor-tab-content elementor-clearfix\" data-tab=\"6\" role=\"tabpanel\" aria-labelledby=\"elementor-tab-title-1506\" tabindex=\"0\" hidden=\"hidden\"><p>O Programa de Forma\u00e7\u00e3o no Combate aos Mercados Il\u00edcitos de Insumos Agr\u00edcolas<br \/>contar\u00e1 com um novo modelo de certifica\u00e7\u00e3o com o objetivo de atender de forma<br \/>mais flex\u00edvel \u00e0s demandas e necessidades de nossas alunas e alunos.<br \/>O programa completo \u00e9 constitu\u00eddo de 120 horas de atividades s\u00edncronas e ass\u00edncronas.<br \/>Est\u00e1 organizado em 4 M\u00f3dulos de Forma\u00e7\u00e3o, sendo eles:<br \/>\u2022 Introdu\u00e7\u00e3o aos Mercados de Insumos Agr\u00edcolas Ilegais (30h)<br \/>\u2022 Policiamento Ostensivo de Insumos Agr\u00edcolas (30h)<br \/>\u2022 Fiscaliza\u00e7\u00e3o de Insumos Agr\u00edcolas Ilegais (30)<br \/>\u2022 Investiga\u00e7\u00e3o de Insumos Agr\u00edcolas Ilegais (30h)<\/p><\/div>\n\t\t\t\t\t\t\t<\/div>\n\t\t<\/div>\n\t\t\t\t\t\t<\/div>\n\t\t\t\t<\/div>\n\t\t\t\t\t<\/div>\n\t\t<\/div>\n\t\t\t\t\t<\/div>\n\t\t<\/section>\n\t\t\t\t<section class=\"elementor-section elementor-inner-section elementor-element elementor-element-4387010 elementor-section-boxed elementor-section-height-default elementor-section-height-default\" data-id=\"4387010\" data-element_type=\"section\" data-e-type=\"section\" data-settings=\"{&quot;background_background&quot;:&quot;classic&quot;,&quot;ekit_has_onepagescroll_dot&quot;:&quot;yes&quot;}\">\n\t\t\t\t\t\t\t<div class=\"elementor-background-overlay\"><\/div>\n\t\t\t\t\t\t\t<div class=\"elementor-container elementor-column-gap-no\">\n\t\t\t\t\t<div class=\"elementor-column elementor-col-100 elementor-inner-column elementor-element elementor-element-988d960\" data-id=\"988d960\" data-element_type=\"column\" data-e-type=\"column\">\n\t\t\t<div class=\"elementor-widget-wrap elementor-element-populated\">\n\t\t\t\t\t\t<div class=\"elementor-element elementor-element-7b2fa94 elementor-widget elementor-widget-text-editor\" data-id=\"7b2fa94\" data-element_type=\"widget\" data-e-type=\"widget\" data-settings=\"{&quot;ekit_we_effect_on&quot;:&quot;none&quot;}\" data-widget_type=\"text-editor.default\">\n\t\t\t\t<div class=\"elementor-widget-container\">\n\t\t\t\t\t\t\t\t\t<h3><span style=\"color: #ffffff;\">To find out more about assessment methods, the course program and other information, click on the button below:<\/span><\/h3>\t\t\t\t\t\t\t\t<\/div>\n\t\t\t\t<\/div>\n\t\t\t\t<div class=\"elementor-element elementor-element-c7c20ff elementor-align-left elementor-widget elementor-widget-button\" data-id=\"c7c20ff\" data-element_type=\"widget\" data-e-type=\"widget\" data-settings=\"{&quot;ekit_we_effect_on&quot;:&quot;none&quot;}\" data-widget_type=\"button.default\">\n\t\t\t\t<div class=\"elementor-widget-container\">\n\t\t\t\t\t\t\t\t\t<div class=\"elementor-button-wrapper\">\n\t\t\t\t\t<a class=\"elementor-button elementor-button-link elementor-size-xl\" href=\"https:\/\/ugc.production.linktr.ee\/9a4112ae-3ec6-447f-83d5-88053067c572_Brochura---Mercados-Ilicitos-de-Insumos-Agr-colas---Segunda-Edi--o.pdf\" target=\"_blank\">\n\t\t\t\t\t\t<span class=\"elementor-button-content-wrapper\">\n\t\t\t\t\t\t\t\t\t<span class=\"elementor-button-text\">Click here<\/span>\n\t\t\t\t\t<\/span>\n\t\t\t\t\t<\/a>\n\t\t\t\t<\/div>\n\t\t\t\t\t\t\t\t<\/div>\n\t\t\t\t<\/div>\n\t\t\t\t<div class=\"elementor-element elementor-element-5afc8cc elementor-align-left elementor-widget elementor-widget-button\" data-id=\"5afc8cc\" data-element_type=\"widget\" data-e-type=\"widget\" data-settings=\"{&quot;ekit_we_effect_on&quot;:&quot;none&quot;}\" data-widget_type=\"button.default\">\n\t\t\t\t<div class=\"elementor-widget-container\">\n\t\t\t\t\t\t\t\t\t<div class=\"elementor-button-wrapper\">\n\t\t\t\t\t<a class=\"elementor-button elementor-button-link elementor-size-xl\" href=\"https:\/\/ugc.production.linktr.ee\/566a9574-9c68-41c5-9c23-79347273c74a_ES---Brochura---Mercados-Ilicitos-de-Insumos-Agr-colas---Segunda-Edi--o.pdf\" target=\"_blank\">\n\t\t\t\t\t\t<span class=\"elementor-button-content-wrapper\">\n\t\t\t\t\t\t\t\t\t<span class=\"elementor-button-text\">Haz clic aqu\u00ed<\/span>\n\t\t\t\t\t<\/span>\n\t\t\t\t\t<\/a>\n\t\t\t\t<\/div>\n\t\t\t\t\t\t\t\t<\/div>\n\t\t\t\t<\/div>\n\t\t\t\t\t<\/div>\n\t\t<\/div>\n\t\t\t\t\t<\/div>\n\t\t<\/section>\n\t\t\t\t<\/div>","protected":false},"excerpt":{"rendered":"<p>PROGRAMA DE FORMA\u00c7\u00c3O NO COMBATE AOS MERCADOS IL\u00cdCITOS DE INSUMOS AGR\u00cdCOLAS- 2\u00aa EDI\u00c7\u00c3O Informa\u00e7\u00f5es Gerais Dura\u00e7\u00e3o: hor\u00e1ria total de 120 horas de atividades s\u00edncronas e ass\u00edncronas P\u00fablico-alvo: agentes de seguran\u00e7a p\u00fablica que trabalham ou se interessam pela tem\u00e1tica de insumos agr\u00edcolas ilegais, seja no Brasil ou em outros pa\u00edses da Am\u00e9rica Latina. Formato : 100% [&hellip;]<\/p>\n","protected":false},"author":2,"featured_media":0,"parent":0,"menu_order":0,"comment_status":"closed","ping_status":"closed","template":"elementor_header_footer","meta":{"footnotes":""},"class_list":["post-3554","page","type-page","status-publish","hentry"],"yoast_head":"<!-- This site is optimized with the Yoast SEO plugin v27.5 - https:\/\/yoast.com\/product\/yoast-seo-wordpress\/ -->\n<title>Curso de Forma\u00e7\u00e3o no Combate aos Mercados Il\u00edcitos de Insumos Agr\u00edcolas- 2\u00aa edi\u00e7\u00e3o - ESEM<\/title>\n<meta name=\"robots\" content=\"index, follow, max-snippet:-1, max-image-preview:large, max-video-preview:-1\" \/>\n<link rel=\"canonical\" href=\"https:\/\/esem.org.br\/en\/curso-de-formacao-no-combate-aos-mercados-ilicitos-de-insumos-agricolas-2a-edicao\/\" \/>\n<meta property=\"og:locale\" content=\"en_US\" \/>\n<meta property=\"og:type\" content=\"article\" \/>\n<meta property=\"og:title\" content=\"Curso de Forma\u00e7\u00e3o no Combate aos Mercados Il\u00edcitos de Insumos Agr\u00edcolas- 2\u00aa edi\u00e7\u00e3o - ESEM\" \/>\n<meta property=\"og:description\" content=\"PROGRAMA DE FORMA\u00c7\u00c3O NO COMBATE AOS MERCADOS IL\u00cdCITOS DE INSUMOS AGR\u00cdCOLAS- 2\u00aa EDI\u00c7\u00c3O Informa\u00e7\u00f5es Gerais Dura\u00e7\u00e3o: hor\u00e1ria total de 120 horas de atividades s\u00edncronas e ass\u00edncronas P\u00fablico-alvo: agentes de seguran\u00e7a p\u00fablica que trabalham ou se interessam pela tem\u00e1tica de insumos agr\u00edcolas ilegais, seja no Brasil ou em outros pa\u00edses da Am\u00e9rica Latina. Formato : 100% [&hellip;]\" \/>\n<meta property=\"og:url\" content=\"https:\/\/esem.org.br\/en\/curso-de-formacao-no-combate-aos-mercados-ilicitos-de-insumos-agricolas-2a-edicao\/\" \/>\n<meta property=\"og:site_name\" content=\"ESEM\" \/>\n<meta property=\"article:modified_time\" content=\"2024-11-14T11:52:40+00:00\" \/>\n<meta property=\"og:image\" content=\"https:\/\/esem.org.br\/wp-content\/uploads\/2024\/09\/WhatsApp-Image-2024-09-05-at-12.22.46.jpeg\" \/>\n\t<meta property=\"og:image:width\" content=\"1599\" \/>\n\t<meta property=\"og:image:height\" content=\"1600\" \/>\n\t<meta property=\"og:image:type\" content=\"image\/jpeg\" \/>\n<meta name=\"twitter:card\" content=\"summary_large_image\" \/>\n<meta name=\"twitter:label1\" content=\"Est. reading time\" \/>\n\t<meta name=\"twitter:data1\" content=\"4 minutes\" \/>\n<script type=\"application\/ld+json\" class=\"yoast-schema-graph\">{\"@context\":\"https:\\\/\\\/schema.org\",\"@graph\":[{\"@type\":\"WebPage\",\"@id\":\"https:\\\/\\\/esem.org.br\\\/curso-de-formacao-no-combate-aos-mercados-ilicitos-de-insumos-agricolas-2a-edicao\\\/\",\"url\":\"https:\\\/\\\/esem.org.br\\\/curso-de-formacao-no-combate-aos-mercados-ilicitos-de-insumos-agricolas-2a-edicao\\\/\",\"name\":\"Curso de Forma\u00e7\u00e3o no Combate aos Mercados Il\u00edcitos de Insumos Agr\u00edcolas- 2\u00aa edi\u00e7\u00e3o - ESEM\",\"isPartOf\":{\"@id\":\"https:\\\/\\\/esem.org.br\\\/pt\\\/#website\"},\"primaryImageOfPage\":{\"@id\":\"https:\\\/\\\/esem.org.br\\\/curso-de-formacao-no-combate-aos-mercados-ilicitos-de-insumos-agricolas-2a-edicao\\\/#primaryimage\"},\"image\":{\"@id\":\"https:\\\/\\\/esem.org.br\\\/curso-de-formacao-no-combate-aos-mercados-ilicitos-de-insumos-agricolas-2a-edicao\\\/#primaryimage\"},\"thumbnailUrl\":\"https:\\\/\\\/esem.org.br\\\/wp-content\\\/uploads\\\/2024\\\/09\\\/WhatsApp-Image-2024-09-05-at-12.22.46-1024x1024.jpeg\",\"datePublished\":\"2024-09-06T19:31:59+00:00\",\"dateModified\":\"2024-11-14T11:52:40+00:00\",\"breadcrumb\":{\"@id\":\"https:\\\/\\\/esem.org.br\\\/curso-de-formacao-no-combate-aos-mercados-ilicitos-de-insumos-agricolas-2a-edicao\\\/#breadcrumb\"},\"inLanguage\":\"en-US\",\"potentialAction\":[{\"@type\":\"ReadAction\",\"target\":[\"https:\\\/\\\/esem.org.br\\\/curso-de-formacao-no-combate-aos-mercados-ilicitos-de-insumos-agricolas-2a-edicao\\\/\"]}]},{\"@type\":\"ImageObject\",\"inLanguage\":\"en-US\",\"@id\":\"https:\\\/\\\/esem.org.br\\\/curso-de-formacao-no-combate-aos-mercados-ilicitos-de-insumos-agricolas-2a-edicao\\\/#primaryimage\",\"url\":\"https:\\\/\\\/esem.org.br\\\/wp-content\\\/uploads\\\/2024\\\/09\\\/WhatsApp-Image-2024-09-05-at-12.22.46-1024x1024.jpeg\",\"contentUrl\":\"https:\\\/\\\/esem.org.br\\\/wp-content\\\/uploads\\\/2024\\\/09\\\/WhatsApp-Image-2024-09-05-at-12.22.46-1024x1024.jpeg\"},{\"@type\":\"BreadcrumbList\",\"@id\":\"https:\\\/\\\/esem.org.br\\\/curso-de-formacao-no-combate-aos-mercados-ilicitos-de-insumos-agricolas-2a-edicao\\\/#breadcrumb\",\"itemListElement\":[{\"@type\":\"ListItem\",\"position\":1,\"name\":\"In\u00edcio\",\"item\":\"https:\\\/\\\/esem.org.br\\\/\"},{\"@type\":\"ListItem\",\"position\":2,\"name\":\"Curso de Forma\u00e7\u00e3o no Combate aos Mercados Il\u00edcitos de Insumos Agr\u00edcolas- 2\u00aa edi\u00e7\u00e3o\"}]},{\"@type\":\"WebSite\",\"@id\":\"https:\\\/\\\/esem.org.br\\\/pt\\\/#website\",\"url\":\"https:\\\/\\\/esem.org.br\\\/pt\\\/\",\"name\":\"ESEM Escola de Seguran\u00e7a Multidimensional\",\"description\":\"Escola de Seguran\u00e7a Multidimensional\",\"publisher\":{\"@id\":\"https:\\\/\\\/esem.org.br\\\/pt\\\/#organization\"},\"potentialAction\":[{\"@type\":\"SearchAction\",\"target\":{\"@type\":\"EntryPoint\",\"urlTemplate\":\"https:\\\/\\\/esem.org.br\\\/pt\\\/?s={search_term_string}\"},\"query-input\":{\"@type\":\"PropertyValueSpecification\",\"valueRequired\":true,\"valueName\":\"search_term_string\"}}],\"inLanguage\":\"en-US\"},{\"@type\":\"Organization\",\"@id\":\"https:\\\/\\\/esem.org.br\\\/pt\\\/#organization\",\"name\":\"ESEM Escola de Seguran\u00e7a Multidimensional\",\"url\":\"https:\\\/\\\/esem.org.br\\\/pt\\\/\",\"logo\":{\"@type\":\"ImageObject\",\"inLanguage\":\"en-US\",\"@id\":\"https:\\\/\\\/esem.org.br\\\/pt\\\/#\\\/schema\\\/logo\\\/image\\\/\",\"url\":\"https:\\\/\\\/esem.org.br\\\/wp-content\\\/uploads\\\/2022\\\/09\\\/Copia-de-WhatsApp-Image-2021-05-24-at-17.04.17-e1663853541820.jpeg\",\"contentUrl\":\"https:\\\/\\\/esem.org.br\\\/wp-content\\\/uploads\\\/2022\\\/09\\\/Copia-de-WhatsApp-Image-2021-05-24-at-17.04.17-e1663853541820.jpeg\",\"width\":739,\"height\":966,\"caption\":\"ESEM Escola de Seguran\u00e7a Multidimensional\"},\"image\":{\"@id\":\"https:\\\/\\\/esem.org.br\\\/pt\\\/#\\\/schema\\\/logo\\\/image\\\/\"}}]}<\/script>\n<!-- \/ Yoast SEO plugin. -->","yoast_head_json":{"title":"Curso de Forma\u00e7\u00e3o no Combate aos Mercados Il\u00edcitos de Insumos Agr\u00edcolas- 2\u00aa edi\u00e7\u00e3o - ESEM","robots":{"index":"index","follow":"follow","max-snippet":"max-snippet:-1","max-image-preview":"max-image-preview:large","max-video-preview":"max-video-preview:-1"},"canonical":"https:\/\/esem.org.br\/en\/curso-de-formacao-no-combate-aos-mercados-ilicitos-de-insumos-agricolas-2a-edicao\/","og_locale":"en_US","og_type":"article","og_title":"Curso de Forma\u00e7\u00e3o no Combate aos Mercados Il\u00edcitos de Insumos Agr\u00edcolas- 2\u00aa edi\u00e7\u00e3o - ESEM","og_description":"PROGRAMA DE FORMA\u00c7\u00c3O NO COMBATE AOS MERCADOS IL\u00cdCITOS DE INSUMOS AGR\u00cdCOLAS- 2\u00aa EDI\u00c7\u00c3O Informa\u00e7\u00f5es Gerais Dura\u00e7\u00e3o: hor\u00e1ria total de 120 horas de atividades s\u00edncronas e ass\u00edncronas P\u00fablico-alvo: agentes de seguran\u00e7a p\u00fablica que trabalham ou se interessam pela tem\u00e1tica de insumos agr\u00edcolas ilegais, seja no Brasil ou em outros pa\u00edses da Am\u00e9rica Latina. Formato : 100% [&hellip;]","og_url":"https:\/\/esem.org.br\/en\/curso-de-formacao-no-combate-aos-mercados-ilicitos-de-insumos-agricolas-2a-edicao\/","og_site_name":"ESEM","article_modified_time":"2024-11-14T11:52:40+00:00","og_image":[{"width":1599,"height":1600,"url":"https:\/\/esem.org.br\/wp-content\/uploads\/2024\/09\/WhatsApp-Image-2024-09-05-at-12.22.46.jpeg","type":"image\/jpeg"}],"twitter_card":"summary_large_image","twitter_misc":{"Est. reading time":"4 minutes"},"schema":{"@context":"https:\/\/schema.org","@graph":[{"@type":"WebPage","@id":"https:\/\/esem.org.br\/curso-de-formacao-no-combate-aos-mercados-ilicitos-de-insumos-agricolas-2a-edicao\/","url":"https:\/\/esem.org.br\/curso-de-formacao-no-combate-aos-mercados-ilicitos-de-insumos-agricolas-2a-edicao\/","name":"Curso de Forma\u00e7\u00e3o no Combate aos Mercados Il\u00edcitos de Insumos Agr\u00edcolas- 2\u00aa edi\u00e7\u00e3o - ESEM","isPartOf":{"@id":"https:\/\/esem.org.br\/pt\/#website"},"primaryImageOfPage":{"@id":"https:\/\/esem.org.br\/curso-de-formacao-no-combate-aos-mercados-ilicitos-de-insumos-agricolas-2a-edicao\/#primaryimage"},"image":{"@id":"https:\/\/esem.org.br\/curso-de-formacao-no-combate-aos-mercados-ilicitos-de-insumos-agricolas-2a-edicao\/#primaryimage"},"thumbnailUrl":"https:\/\/esem.org.br\/wp-content\/uploads\/2024\/09\/WhatsApp-Image-2024-09-05-at-12.22.46-1024x1024.jpeg","datePublished":"2024-09-06T19:31:59+00:00","dateModified":"2024-11-14T11:52:40+00:00","breadcrumb":{"@id":"https:\/\/esem.org.br\/curso-de-formacao-no-combate-aos-mercados-ilicitos-de-insumos-agricolas-2a-edicao\/#breadcrumb"},"inLanguage":"en-US","potentialAction":[{"@type":"ReadAction","target":["https:\/\/esem.org.br\/curso-de-formacao-no-combate-aos-mercados-ilicitos-de-insumos-agricolas-2a-edicao\/"]}]},{"@type":"ImageObject","inLanguage":"en-US","@id":"https:\/\/esem.org.br\/curso-de-formacao-no-combate-aos-mercados-ilicitos-de-insumos-agricolas-2a-edicao\/#primaryimage","url":"https:\/\/esem.org.br\/wp-content\/uploads\/2024\/09\/WhatsApp-Image-2024-09-05-at-12.22.46-1024x1024.jpeg","contentUrl":"https:\/\/esem.org.br\/wp-content\/uploads\/2024\/09\/WhatsApp-Image-2024-09-05-at-12.22.46-1024x1024.jpeg"},{"@type":"BreadcrumbList","@id":"https:\/\/esem.org.br\/curso-de-formacao-no-combate-aos-mercados-ilicitos-de-insumos-agricolas-2a-edicao\/#breadcrumb","itemListElement":[{"@type":"ListItem","position":1,"name":"In\u00edcio","item":"https:\/\/esem.org.br\/"},{"@type":"ListItem","position":2,"name":"Curso de Forma\u00e7\u00e3o no Combate aos Mercados Il\u00edcitos de Insumos Agr\u00edcolas- 2\u00aa edi\u00e7\u00e3o"}]},{"@type":"WebSite","@id":"https:\/\/esem.org.br\/pt\/#website","url":"https:\/\/esem.org.br\/pt\/","name":"ESEM Escola de Seguran\u00e7a Multidimensional","description":"School of Multidimensional Security","publisher":{"@id":"https:\/\/esem.org.br\/pt\/#organization"},"potentialAction":[{"@type":"SearchAction","target":{"@type":"EntryPoint","urlTemplate":"https:\/\/esem.org.br\/pt\/?s={search_term_string}"},"query-input":{"@type":"PropertyValueSpecification","valueRequired":true,"valueName":"search_term_string"}}],"inLanguage":"en-US"},{"@type":"Organization","@id":"https:\/\/esem.org.br\/pt\/#organization","name":"ESEM Escola de Seguran\u00e7a Multidimensional","url":"https:\/\/esem.org.br\/pt\/","logo":{"@type":"ImageObject","inLanguage":"en-US","@id":"https:\/\/esem.org.br\/pt\/#\/schema\/logo\/image\/","url":"https:\/\/esem.org.br\/wp-content\/uploads\/2022\/09\/Copia-de-WhatsApp-Image-2021-05-24-at-17.04.17-e1663853541820.jpeg","contentUrl":"https:\/\/esem.org.br\/wp-content\/uploads\/2022\/09\/Copia-de-WhatsApp-Image-2021-05-24-at-17.04.17-e1663853541820.jpeg","width":739,"height":966,"caption":"ESEM Escola de Seguran\u00e7a Multidimensional"},"image":{"@id":"https:\/\/esem.org.br\/pt\/#\/schema\/logo\/image\/"}}]}},"_links":{"self":[{"href":"https:\/\/esem.org.br\/en\/wp-json\/wp\/v2\/pages\/3554","targetHints":{"allow":["GET"]}}],"collection":[{"href":"https:\/\/esem.org.br\/en\/wp-json\/wp\/v2\/pages"}],"about":[{"href":"https:\/\/esem.org.br\/en\/wp-json\/wp\/v2\/types\/page"}],"author":[{"embeddable":true,"href":"https:\/\/esem.org.br\/en\/wp-json\/wp\/v2\/users\/2"}],"replies":[{"embeddable":true,"href":"https:\/\/esem.org.br\/en\/wp-json\/wp\/v2\/comments?post=3554"}],"version-history":[{"count":27,"href":"https:\/\/esem.org.br\/en\/wp-json\/wp\/v2\/pages\/3554\/revisions"}],"predecessor-version":[{"id":3952,"href":"https:\/\/esem.org.br\/en\/wp-json\/wp\/v2\/pages\/3554\/revisions\/3952"}],"wp:attachment":[{"href":"https:\/\/esem.org.br\/en\/wp-json\/wp\/v2\/media?parent=3554"}],"curies":[{"name":"wp","href":"https:\/\/api.w.org\/{rel}","templated":true}]}}