{"id":4921,"date":"2025-09-11T22:32:56","date_gmt":"2025-09-12T01:32:56","guid":{"rendered":"https:\/\/esem.org.br\/?page_id=4921"},"modified":"2025-09-15T19:24:11","modified_gmt":"2025-09-15T22:24:11","slug":"programa-de-formacao-no-combate-aos-mercados-ilicitos-de-insumos-agricolas-4a-edicao","status":"publish","type":"page","link":"https:\/\/esem.org.br\/es\/programa-de-formacao-no-combate-aos-mercados-ilicitos-de-insumos-agricolas-4a-edicao\/","title":{"rendered":"Programa de Forma\u00e7\u00e3o no Combate aos Mercados Il\u00edcitos de Insumos Agr\u00edcolas &#8211; 4\u00aa edi\u00e7\u00e3o"},"content":{"rendered":"<div data-elementor-type=\"wp-page\" data-elementor-id=\"4921\" class=\"elementor elementor-4921\" data-elementor-post-type=\"page\">\n\t\t\t\t\t\t<section class=\"elementor-section elementor-top-section elementor-element elementor-element-547277ee elementor-section-content-middle elementor-section-boxed elementor-section-height-default elementor-section-height-default\" data-id=\"547277ee\" data-element_type=\"section\" data-e-type=\"section\" data-settings=\"{&quot;background_background&quot;:&quot;classic&quot;,&quot;ekit_has_onepagescroll_dot&quot;:&quot;yes&quot;}\">\n\t\t\t\t\t\t\t<div class=\"elementor-background-overlay\"><\/div>\n\t\t\t\t\t\t\t<div class=\"elementor-container elementor-column-gap-default\">\n\t\t\t\t\t<div class=\"elementor-column elementor-col-100 elementor-top-column elementor-element elementor-element-2d652086\" data-id=\"2d652086\" data-element_type=\"column\" data-e-type=\"column\">\n\t\t\t<div class=\"elementor-widget-wrap elementor-element-populated\">\n\t\t\t\t\t\t<div class=\"elementor-element elementor-element-782c067 elementor-widget__width-initial elementor-widget elementor-widget-heading\" data-id=\"782c067\" data-element_type=\"widget\" data-e-type=\"widget\" data-settings=\"{&quot;ekit_we_effect_on&quot;:&quot;none&quot;}\" data-widget_type=\"heading.default\">\n\t\t\t\t<div class=\"elementor-widget-container\">\n\t\t\t\t\t<h1 class=\"elementor-heading-title elementor-size-default\">Programa de Formaci\u00f3n en el Combate a los Mercados Il\u00edcitos de Insumos Agr\u00edcolas - 4\u00aa edici\u00f3n<\/h1>\t\t\t\t<\/div>\n\t\t\t\t<\/div>\n\t\t\t\t\t<\/div>\n\t\t<\/div>\n\t\t\t\t\t<\/div>\n\t\t<\/section>\n\t\t\t\t<section class=\"elementor-section elementor-top-section elementor-element elementor-element-7ce4c034 elementor-section-boxed elementor-section-height-default elementor-section-height-default\" data-id=\"7ce4c034\" data-element_type=\"section\" data-e-type=\"section\" data-settings=\"{&quot;ekit_has_onepagescroll_dot&quot;:&quot;yes&quot;}\">\n\t\t\t\t\t\t<div class=\"elementor-container elementor-column-gap-default\">\n\t\t\t\t\t<div class=\"elementor-column elementor-col-50 elementor-top-column elementor-element elementor-element-65c82df\" data-id=\"65c82df\" data-element_type=\"column\" data-e-type=\"column\">\n\t\t\t<div class=\"elementor-widget-wrap elementor-element-populated\">\n\t\t\t\t\t\t<div class=\"elementor-element elementor-element-79e1f901 elementor-widget elementor-widget-image\" data-id=\"79e1f901\" data-element_type=\"widget\" data-e-type=\"widget\" data-settings=\"{&quot;ekit_we_effect_on&quot;:&quot;none&quot;}\" data-widget_type=\"image.default\">\n\t\t\t\t<div class=\"elementor-widget-container\">\n\t\t\t\t\t\t\t\t\t\t\t\t\t\t\t<img fetchpriority=\"high\" decoding=\"async\" width=\"800\" height=\"1000\" src=\"https:\/\/esem.org.br\/wp-content\/uploads\/2025\/09\/ES-1-scaled.jpg\" class=\"attachment-large size-large wp-image-4956\" alt=\"\" srcset=\"https:\/\/esem.org.br\/wp-content\/uploads\/2025\/09\/ES-1-scaled.jpg 2048w, https:\/\/esem.org.br\/wp-content\/uploads\/2025\/09\/ES-1-240x300.jpg 240w, https:\/\/esem.org.br\/wp-content\/uploads\/2025\/09\/ES-1-819x1024.jpg 819w, https:\/\/esem.org.br\/wp-content\/uploads\/2025\/09\/ES-1-768x960.jpg 768w, https:\/\/esem.org.br\/wp-content\/uploads\/2025\/09\/ES-1-1229x1536.jpg 1229w\" sizes=\"(max-width: 800px) 100vw, 800px\" \/>\t\t\t\t\t\t\t\t\t\t\t\t\t\t\t<\/div>\n\t\t\t\t<\/div>\n\t\t\t\t\t<\/div>\n\t\t<\/div>\n\t\t\t\t<div class=\"elementor-column elementor-col-50 elementor-top-column elementor-element elementor-element-64f80b1d\" data-id=\"64f80b1d\" data-element_type=\"column\" data-e-type=\"column\">\n\t\t\t<div class=\"elementor-widget-wrap elementor-element-populated\">\n\t\t\t\t\t\t<div class=\"elementor-element elementor-element-512dbe0 elementor-widget elementor-widget-heading\" data-id=\"512dbe0\" data-element_type=\"widget\" data-e-type=\"widget\" data-settings=\"{&quot;ekit_we_effect_on&quot;:&quot;none&quot;}\" data-widget_type=\"heading.default\">\n\t\t\t\t<div class=\"elementor-widget-container\">\n\t\t\t\t\t<h2 class=\"elementor-heading-title elementor-size-default\">Informaciones Generales<\/h2>\t\t\t\t<\/div>\n\t\t\t\t<\/div>\n\t\t\t\t<div class=\"elementor-element elementor-element-6f17e4 elementor-align-start elementor-widget__width-initial elementor-list-item-link-full_width elementor-widget elementor-widget-icon-list\" data-id=\"6f17e4\" data-element_type=\"widget\" data-e-type=\"widget\" data-settings=\"{&quot;ekit_we_effect_on&quot;:&quot;none&quot;}\" data-widget_type=\"icon-list.default\">\n\t\t\t\t<div class=\"elementor-widget-container\">\n\t\t\t\t\t\t\t<ul class=\"elementor-icon-list-items\">\n\t\t\t\t\t\t\t<li class=\"elementor-icon-list-item\">\n\t\t\t\t\t\t\t\t\t\t\t<span class=\"elementor-icon-list-icon\">\n\t\t\t\t\t\t\t<i aria-hidden=\"true\" class=\"fas fa-clock\"><\/i>\t\t\t\t\t\t<\/span>\n\t\t\t\t\t\t\t\t\t\t<span class=\"elementor-icon-list-text\">Duraci\u00f3n: un total de 120 horas de actividades sincr\u00f3nicas y asincr\u00f3nicas.<\/span>\n\t\t\t\t\t\t\t\t\t<\/li>\n\t\t\t\t\t\t\t\t<li class=\"elementor-icon-list-item\">\n\t\t\t\t\t\t\t\t\t\t\t<span class=\"elementor-icon-list-icon\">\n\t\t\t\t\t\t\t<i aria-hidden=\"true\" class=\"fas fa-sort-amount-up-alt\"><\/i>\t\t\t\t\t\t<\/span>\n\t\t\t\t\t\t\t\t\t\t<span class=\"elementor-icon-list-text\">P\u00fablico-objetivo:  Agentes de Seguridad P\u00fablica: (Polic\u00eda Civil, Polic\u00eda Militar, Polic\u00eda Federal de Carreteras, Polic\u00eda Federal, Polic\u00eda T\u00e9cnico-Cient\u00edfica, Guardias Municipales).  Agentes de Fiscalizaci\u00f3n de entidades federales, estatales y municipales, p\u00fablicas o privadas.  Agentes del Poder Judicial y de los Ministerios P\u00fablicos (federal y estatales).  Funcionarios P\u00fablicos.  Estudiantes de grado y posgrado.<\/span>\n\t\t\t\t\t\t\t\t\t<\/li>\n\t\t\t\t\t\t\t\t<li class=\"elementor-icon-list-item\">\n\t\t\t\t\t\t\t\t\t\t\t<span class=\"elementor-icon-list-icon\">\n\t\t\t\t\t\t\t<i aria-hidden=\"true\" class=\"fas fa-laptop\"><\/i>\t\t\t\t\t\t<\/span>\n\t\t\t\t\t\t\t\t\t\t<span class=\"elementor-icon-list-text\">Formato: 100% en l\u00ednea y gratuito<\/span>\n\t\t\t\t\t\t\t\t\t<\/li>\n\t\t\t\t\t\t\t\t<li class=\"elementor-icon-list-item\">\n\t\t\t\t\t\t\t\t\t\t\t<span class=\"elementor-icon-list-icon\">\n\t\t\t\t\t\t\t<i aria-hidden=\"true\" class=\"fas fa-check\"><\/i>\t\t\t\t\t\t<\/span>\n\t\t\t\t\t\t\t\t\t\t<span class=\"elementor-icon-list-text\">El curso es modular y permite obtener certificados intermedios al completar cada modalidad.<\/span>\n\t\t\t\t\t\t\t\t\t<\/li>\n\t\t\t\t\t\t\t\t<li class=\"elementor-icon-list-item\">\n\t\t\t\t\t\t\t\t\t\t\t<span class=\"elementor-icon-list-icon\">\n\t\t\t\t\t\t\t<i aria-hidden=\"true\" class=\"far fa-list-alt\"><\/i>\t\t\t\t\t\t<\/span>\n\t\t\t\t\t\t\t\t\t\t<span class=\"elementor-icon-list-text\">Idiomas: Portugu\u00e9s y Espa\u00f1ol<\/span>\n\t\t\t\t\t\t\t\t\t<\/li>\n\t\t\t\t\t\t\t\t<li class=\"elementor-icon-list-item\">\n\t\t\t\t\t\t\t\t\t\t\t<span class=\"elementor-icon-list-icon\">\n\t\t\t\t\t\t\t<i aria-hidden=\"true\" class=\"fas fa-check\"><\/i>\t\t\t\t\t\t<\/span>\n\t\t\t\t\t\t\t\t\t\t<span class=\"elementor-icon-list-text\">Fecha de inscripci\u00f3n: del 15 de septiembre al 31 de octubre.<\/span>\n\t\t\t\t\t\t\t\t\t<\/li>\n\t\t\t\t\t\t\t\t<li class=\"elementor-icon-list-item\">\n\t\t\t\t\t\t\t\t\t\t\t<span class=\"elementor-icon-list-icon\">\n\t\t\t\t\t\t\t<i aria-hidden=\"true\" class=\"fas fa-check\"><\/i>\t\t\t\t\t\t<\/span>\n\t\t\t\t\t\t\t\t\t\t<span class=\"elementor-icon-list-text\">Per\u00edodo del curso: del 3 de noviembre de 2025 al 23 de enero de 2026.<\/span>\n\t\t\t\t\t\t\t\t\t<\/li>\n\t\t\t\t\t\t<\/ul>\n\t\t\t\t\t\t<\/div>\n\t\t\t\t<\/div>\n\t\t\t\t<div class=\"elementor-element elementor-element-32479ee elementor-align-center elementor-widget elementor-widget-button\" data-id=\"32479ee\" data-element_type=\"widget\" data-e-type=\"widget\" data-settings=\"{&quot;ekit_we_effect_on&quot;:&quot;none&quot;}\" data-widget_type=\"button.default\">\n\t\t\t\t<div class=\"elementor-widget-container\">\n\t\t\t\t\t\t\t\t\t<div class=\"elementor-button-wrapper\">\n\t\t\t\t\t<a class=\"elementor-button elementor-button-link elementor-size-sm\" href=\"https:\/\/uspdigital.usp.br\/apolo\/inscricaoPublicaFormTurmaListar?codund=87&#038;codcurceu=870400040&#038;codedicurceu=25004&#038;numseqofeedi=1&#038;oriins=W\" target=\"_blank\">\n\t\t\t\t\t\t<span class=\"elementor-button-content-wrapper\">\n\t\t\t\t\t\t\t\t\t<span class=\"elementor-button-text\">Aplicaciones abiertas<\/span>\n\t\t\t\t\t<\/span>\n\t\t\t\t\t<\/a>\n\t\t\t\t<\/div>\n\t\t\t\t\t\t\t\t<\/div>\n\t\t\t\t<\/div>\n\t\t\t\t<section class=\"elementor-section elementor-inner-section elementor-element elementor-element-54ab3cf elementor-section-boxed elementor-section-height-default elementor-section-height-default\" data-id=\"54ab3cf\" data-element_type=\"section\" data-e-type=\"section\" data-settings=\"{&quot;background_background&quot;:&quot;classic&quot;,&quot;ekit_has_onepagescroll_dot&quot;:&quot;yes&quot;}\">\n\t\t\t\t\t\t<div class=\"elementor-container elementor-column-gap-default\">\n\t\t\t\t\t<div class=\"elementor-column elementor-col-100 elementor-inner-column elementor-element elementor-element-be7ca88\" data-id=\"be7ca88\" data-element_type=\"column\" data-e-type=\"column\" data-settings=\"{&quot;background_background&quot;:&quot;classic&quot;}\">\n\t\t\t<div class=\"elementor-widget-wrap elementor-element-populated\">\n\t\t\t\t\t\t<div class=\"elementor-element elementor-element-6edbba6f elementor-widget-divider--view-line elementor-widget elementor-widget-divider\" data-id=\"6edbba6f\" data-element_type=\"widget\" data-e-type=\"widget\" data-settings=\"{&quot;ekit_we_effect_on&quot;:&quot;none&quot;}\" data-widget_type=\"divider.default\">\n\t\t\t\t<div class=\"elementor-widget-container\">\n\t\t\t\t\t\t\t<div class=\"elementor-divider\">\n\t\t\t<span class=\"elementor-divider-separator\">\n\t\t\t\t\t\t<\/span>\n\t\t<\/div>\n\t\t\t\t\t\t<\/div>\n\t\t\t\t<\/div>\n\t\t\t\t\t<\/div>\n\t\t<\/div>\n\t\t\t\t\t<\/div>\n\t\t<\/section>\n\t\t\t\t\t<\/div>\n\t\t<\/div>\n\t\t\t\t\t<\/div>\n\t\t<\/section>\n\t\t\t\t<section class=\"elementor-section elementor-top-section elementor-element elementor-element-cfa0b86 elementor-section-boxed elementor-section-height-default elementor-section-height-default\" data-id=\"cfa0b86\" data-element_type=\"section\" data-e-type=\"section\" data-settings=\"{&quot;ekit_has_onepagescroll_dot&quot;:&quot;yes&quot;}\">\n\t\t\t\t\t\t<div class=\"elementor-container elementor-column-gap-default\">\n\t\t\t\t\t<div class=\"elementor-column elementor-col-100 elementor-top-column elementor-element elementor-element-647649a\" data-id=\"647649a\" data-element_type=\"column\" data-e-type=\"column\">\n\t\t\t<div class=\"elementor-widget-wrap elementor-element-populated\">\n\t\t\t\t\t\t<div class=\"elementor-element elementor-element-8f8ee4f elementor-tabs-alignment-stretch elementor-tabs-view-horizontal elementor-widget elementor-widget-tabs\" data-id=\"8f8ee4f\" data-element_type=\"widget\" data-e-type=\"widget\" data-settings=\"{&quot;ekit_we_effect_on&quot;:&quot;none&quot;}\" data-widget_type=\"tabs.default\">\n\t\t\t\t<div class=\"elementor-widget-container\">\n\t\t\t\t\t\t\t<div class=\"elementor-tabs\">\n\t\t\t<div class=\"elementor-tabs-wrapper\" role=\"tablist\" >\n\t\t\t\t\t\t\t\t\t<div id=\"elementor-tab-title-1501\" class=\"elementor-tab-title elementor-tab-desktop-title\" aria-selected=\"true\" data-tab=\"1\" role=\"tab\" tabindex=\"0\" aria-controls=\"elementor-tab-content-1501\" aria-expanded=\"false\">SOBRE EL CURSO <\/div>\n\t\t\t\t\t\t\t\t\t<div id=\"elementor-tab-title-1502\" class=\"elementor-tab-title elementor-tab-desktop-title\" aria-selected=\"false\" data-tab=\"2\" role=\"tab\" tabindex=\"-1\" aria-controls=\"elementor-tab-content-1502\" aria-expanded=\"false\">P\u00daBLICO OBJETIVO <\/div>\n\t\t\t\t\t\t\t\t\t<div id=\"elementor-tab-title-1503\" class=\"elementor-tab-title elementor-tab-desktop-title\" aria-selected=\"false\" data-tab=\"3\" role=\"tab\" tabindex=\"-1\" aria-controls=\"elementor-tab-content-1503\" aria-expanded=\"false\">HORAS<\/div>\n\t\t\t\t\t\t\t\t\t<div id=\"elementor-tab-title-1504\" class=\"elementor-tab-title elementor-tab-desktop-title\" aria-selected=\"false\" data-tab=\"4\" role=\"tab\" tabindex=\"-1\" aria-controls=\"elementor-tab-content-1504\" aria-expanded=\"false\">METODOLOG\u00cdA<\/div>\n\t\t\t\t\t\t\t\t\t<div id=\"elementor-tab-title-1505\" class=\"elementor-tab-title elementor-tab-desktop-title\" aria-selected=\"false\" data-tab=\"5\" role=\"tab\" tabindex=\"-1\" aria-controls=\"elementor-tab-content-1505\" aria-expanded=\"false\">LAS FORMAS DE ENSE\u00d1ANZA <\/div>\n\t\t\t\t\t\t\t\t\t<div id=\"elementor-tab-title-1506\" class=\"elementor-tab-title elementor-tab-desktop-title\" aria-selected=\"false\" data-tab=\"6\" role=\"tab\" tabindex=\"-1\" aria-controls=\"elementor-tab-content-1506\" aria-expanded=\"false\">CERTIFICADOS INTERMEDI\u00c1RIOS<\/div>\n\t\t\t\t\t\t\t<\/div>\n\t\t\t<div class=\"elementor-tabs-content-wrapper\" role=\"tablist\" aria-orientation=\"vertical\">\n\t\t\t\t\t\t\t\t\t<div class=\"elementor-tab-title elementor-tab-mobile-title\" aria-selected=\"true\" data-tab=\"1\" role=\"tab\" tabindex=\"0\" aria-controls=\"elementor-tab-content-1501\" aria-expanded=\"false\">SOBRE EL CURSO <\/div>\n\t\t\t\t\t<div id=\"elementor-tab-content-1501\" class=\"elementor-tab-content elementor-clearfix\" data-tab=\"1\" role=\"tabpanel\" aria-labelledby=\"elementor-tab-title-1501\" tabindex=\"0\" hidden=\"false\"><p>El Curso EAD 'Programa de Formaci\u00f3n en la Lucha contra los Mercados Ilegales de Insumos Agr\u00edcolas - 2\u00aa edici\u00f3n' ofrece formaci\u00f3n profesional continua a agentes de seguridad p\u00fablica y privada de Brasil y Am\u00e9rica Latina que operan en regiones de producci\u00f3n, circulaci\u00f3n y comercializaci\u00f3n de insumos agr\u00edcolas ilegales. El objetivo central es que los graduados est\u00e9n mejor capacitados para reconocer, incautar, manipular, fiscalizar e investigar estos productos, as\u00ed como conocer las t\u00e9cnicas, procedimientos y riesgos asociados a su manejo para salvaguardar la salud y seguridad f\u00edsica de los profesionales.<\/p><\/div>\n\t\t\t\t\t\t\t\t\t<div class=\"elementor-tab-title elementor-tab-mobile-title\" aria-selected=\"false\" data-tab=\"2\" role=\"tab\" tabindex=\"-1\" aria-controls=\"elementor-tab-content-1502\" aria-expanded=\"false\">P\u00daBLICO OBJETIVO <\/div>\n\t\t\t\t\t<div id=\"elementor-tab-content-1502\" class=\"elementor-tab-content elementor-clearfix\" data-tab=\"2\" role=\"tabpanel\" aria-labelledby=\"elementor-tab-title-1502\" tabindex=\"0\" hidden=\"hidden\"><p><span style=\"color: #000000;\">Agentes de Seguridad P\u00fablica (Polic\u00eda Civil, Polic\u00eda Militar, Polic\u00eda Federal de Carreteras, Polic\u00eda Federal, Polic\u00eda T\u00e9cnico-Cient\u00edfica, Guardias Municipales); Agentes de Fiscalizaci\u00f3n de entidades federales, estaduales y municipales, p\u00fablicas o privadas; Agentes del Poder Judicial y Ministerios P\u00fablicos, federales y estaduales; Servidores P\u00fablicos; Estudiantes de grado y posgrado.<\/span><\/p><\/div>\n\t\t\t\t\t\t\t\t\t<div class=\"elementor-tab-title elementor-tab-mobile-title\" aria-selected=\"false\" data-tab=\"3\" role=\"tab\" tabindex=\"-1\" aria-controls=\"elementor-tab-content-1503\" aria-expanded=\"false\">HORAS<\/div>\n\t\t\t\t\t<div id=\"elementor-tab-content-1503\" class=\"elementor-tab-content elementor-clearfix\" data-tab=\"3\" role=\"tabpanel\" aria-labelledby=\"elementor-tab-title-1503\" tabindex=\"0\" hidden=\"hidden\"><div class=\"bdt-ep-accordion-item bdt-open\"><div id=\"bdt-accordion-0-content-2\" class=\"bdt-ep-accordion-content bdt-accordion-content\" role=\"region\" aria-labelledby=\"bdt-ep-accordion-carga-horria\"><p><span style=\"font-weight: 400;\">El programa completo est\u00e1 constituido por <\/span><b>120 horas<\/b><span style=\"font-weight: 400;\"> de actividades s\u00edncronas y as\u00edncronas. Est\u00e1 organizado <\/span><b>4 M\u00f3dulos de Formaci\u00f3n<\/b><span style=\"font-weight: 400;\">, que son:<\/span><\/p><p><span style=\"font-weight: 400;\">\u2013 Introducci\u00f3n a los Mercados de Insumos Agr\u00edcolas Ilegales (30h)<\/span><\/p><p><span style=\"font-weight: 400;\">\u2013 Vigilancia Ostensiva de Insumos Agr\u00edcolas (30h)<\/span><\/p><p><span style=\"font-weight: 400;\">\u2013 Fiscalizaci\u00f3n de Insumos Agr\u00edcolas Ilegales (30h)<\/span><\/p><p><span style=\"font-weight: 400;\">\u2013 Investigaci\u00f3n de Insumos Agr\u00edcolas Ilegales (30h)<\/span><\/p><\/div><\/div><\/div>\n\t\t\t\t\t\t\t\t\t<div class=\"elementor-tab-title elementor-tab-mobile-title\" aria-selected=\"false\" data-tab=\"4\" role=\"tab\" tabindex=\"-1\" aria-controls=\"elementor-tab-content-1504\" aria-expanded=\"false\">METODOLOG\u00cdA<\/div>\n\t\t\t\t\t<div id=\"elementor-tab-content-1504\" class=\"elementor-tab-content elementor-clearfix\" data-tab=\"4\" role=\"tabpanel\" aria-labelledby=\"elementor-tab-title-1504\" tabindex=\"0\" hidden=\"hidden\"><p>\u00a0<span style=\"font-weight: 400;\">La metodolog\u00eda utilizada en el curso ser\u00e1 la <\/span><i><span style=\"font-weight: 400;\">Problem-Based Learning<\/span><\/i><span style=\"font-weight: 400;\"> que busca dialogar con los temas pr\u00e1cticos con conceptos te\u00f3ricos. El objetivo de esta metodolog\u00eda es generar una aproximaci\u00f3n entre el tema y el p\u00fablico objetivo, a trav\u00e9s del intercambio de informaci\u00f3n, aumentando la capacidad de absorci\u00f3n del contenido. Las clases se desarrollar\u00e1n con el enfoque en permitir que el estudiante utilice los conocimientos presentados en su pr\u00e1ctica profesional.\u00a0<\/span><\/p><p><span style=\"font-weight: 400;\">Las clases individuales ser\u00e1n estructuradas en la metodolog\u00eda <\/span><i><span style=\"font-weight: 400;\">micro-learning<\/span><\/i><span style=\"font-weight: 400;\">, que consiste en videos cortos, intercalados con preguntas de fijaci\u00f3n del contenido. Los videos y los ejercicios crean una ruta de conocimiento que permite al estudiante utilizar los conceptos inmediatamente despu\u00e9s de ser presentados, lo que promueve un aprendizaje din\u00e1mico.<\/span><\/p><\/div>\n\t\t\t\t\t\t\t\t\t<div class=\"elementor-tab-title elementor-tab-mobile-title\" aria-selected=\"false\" data-tab=\"5\" role=\"tab\" tabindex=\"-1\" aria-controls=\"elementor-tab-content-1505\" aria-expanded=\"false\">LAS FORMAS DE ENSE\u00d1ANZA <\/div>\n\t\t\t\t\t<div id=\"elementor-tab-content-1505\" class=\"elementor-tab-content elementor-clearfix\" data-tab=\"5\" role=\"tabpanel\" aria-labelledby=\"elementor-tab-title-1505\" tabindex=\"0\" hidden=\"hidden\"><p><span style=\"font-weight: 400;\">La ense\u00f1anza de los contenidos se dividir\u00e1 en tres categor\u00edas, a saber:\u00a0<\/span><\/p><ul><li style=\"list-style-type: none;\"><ul><li style=\"font-weight: 400;\" aria-level=\"1\"><p><b>Clases grabadas<\/b><span style=\"font-weight: 400;\"> com especialistas sobre o processo de investiga\u00e7\u00e3o de insumos agr\u00edcolas ilegais, bem como temas correlatos a este (atividade obrigat\u00f3ria);<\/span><\/p><\/li><li style=\"font-weight: 400;\" aria-level=\"1\"><p><b>Ejercicios de fijaci\u00f3n<\/b><span style=\"font-weight: 400;\"> ser\u00e3o oferecidos entre as aulas para que os alunos possam trabalhar de maneira din\u00e2mica e imediata os conceitos que acabaram de ser apresentados (atividade obrigat\u00f3ria);<\/span><\/p><\/li><li style=\"font-weight: 400;\" aria-level=\"1\"><p><span style=\"font-weight: 400;\">Ao longo do curso, ser\u00e3o oferecidas atividades s\u00edncronas, especialmente no formato de semin\u00e1rios especiais, onde s\u00e3o trazidos especialistas para aprofundar os temas das aulas oferecidas (atividades opcionais).<\/span><\/p><\/li><\/ul><\/li><\/ul><\/div>\n\t\t\t\t\t\t\t\t\t<div class=\"elementor-tab-title elementor-tab-mobile-title\" aria-selected=\"false\" data-tab=\"6\" role=\"tab\" tabindex=\"-1\" aria-controls=\"elementor-tab-content-1506\" aria-expanded=\"false\">CERTIFICADOS INTERMEDI\u00c1RIOS<\/div>\n\t\t\t\t\t<div id=\"elementor-tab-content-1506\" class=\"elementor-tab-content elementor-clearfix\" data-tab=\"6\" role=\"tabpanel\" aria-labelledby=\"elementor-tab-title-1506\" tabindex=\"0\" hidden=\"hidden\"><p>El objetivo de este modelo es permitir que los alumnos cursen solo los m\u00f3dulos que sean de su inter\u00e9s personal y\/o profesional y que, al finalizarlos, reciban la certificaci\u00f3n correspondiente. Sin embargo, si deciden completar el programa entero, tambi\u00e9n obtendr\u00e1n el certificado general del programa.<\/p><\/div>\n\t\t\t\t\t\t\t<\/div>\n\t\t<\/div>\n\t\t\t\t\t\t<\/div>\n\t\t\t\t<\/div>\n\t\t\t\t\t<\/div>\n\t\t<\/div>\n\t\t\t\t\t<\/div>\n\t\t<\/section>\n\t\t\t\t<section class=\"elementor-section elementor-inner-section elementor-element elementor-element-4387010 elementor-section-boxed elementor-section-height-default elementor-section-height-default\" data-id=\"4387010\" data-element_type=\"section\" data-e-type=\"section\" data-settings=\"{&quot;background_background&quot;:&quot;classic&quot;,&quot;ekit_has_onepagescroll_dot&quot;:&quot;yes&quot;}\">\n\t\t\t\t\t\t\t<div class=\"elementor-background-overlay\"><\/div>\n\t\t\t\t\t\t\t<div class=\"elementor-container elementor-column-gap-no\">\n\t\t\t\t\t<div class=\"elementor-column elementor-col-100 elementor-inner-column elementor-element elementor-element-988d960\" data-id=\"988d960\" data-element_type=\"column\" data-e-type=\"column\">\n\t\t\t<div class=\"elementor-widget-wrap elementor-element-populated\">\n\t\t\t\t\t\t<div class=\"elementor-element elementor-element-7b2fa94 elementor-widget elementor-widget-text-editor\" data-id=\"7b2fa94\" data-element_type=\"widget\" data-e-type=\"widget\" data-settings=\"{&quot;ekit_we_effect_on&quot;:&quot;none&quot;}\" data-widget_type=\"text-editor.default\">\n\t\t\t\t<div class=\"elementor-widget-container\">\n\t\t\t\t\t\t\t\t\t<h3><span style=\"color: #ffffff;\">Para saber m\u00e1s sobre los m\u00e9todos de evaluaci\u00f3n, el programa del curso y otra informaci\u00f3n, haga clic en el bot\u00f3n de abajo:<\/span><\/h3>\t\t\t\t\t\t\t\t<\/div>\n\t\t\t\t<\/div>\n\t\t\t\t<div class=\"elementor-element elementor-element-c7c20ff elementor-align-left elementor-widget elementor-widget-button\" data-id=\"c7c20ff\" data-element_type=\"widget\" data-e-type=\"widget\" data-settings=\"{&quot;ekit_we_effect_on&quot;:&quot;none&quot;}\" data-widget_type=\"button.default\">\n\t\t\t\t<div class=\"elementor-widget-container\">\n\t\t\t\t\t\t\t\t\t<div class=\"elementor-button-wrapper\">\n\t\t\t\t\t<a class=\"elementor-button elementor-button-link elementor-size-xl\" href=\"https:\/\/ugc.production.linktr.ee\/d49af1db-1c45-42eb-a5ee-56bc117824f1_ES---Brochura---Mercados-Ilicitos-de-Insumos-Agrcolas---Quarta-Edio.pdf\" target=\"_blank\">\n\t\t\t\t\t\t<span class=\"elementor-button-content-wrapper\">\n\t\t\t\t\t\t\t\t\t<span class=\"elementor-button-text\">Haga clic aqu\u00ed<\/span>\n\t\t\t\t\t<\/span>\n\t\t\t\t\t<\/a>\n\t\t\t\t<\/div>\n\t\t\t\t\t\t\t\t<\/div>\n\t\t\t\t<\/div>\n\t\t\t\t\t<\/div>\n\t\t<\/div>\n\t\t\t\t\t<\/div>\n\t\t<\/section>\n\t\t\t\t<\/div>","protected":false},"excerpt":{"rendered":"<p>Programa de Forma\u00e7\u00e3o no Combate aos Mercados Il\u00edcitos de Insumos Agr\u00edcolas &#8211; 4\u00aa edi\u00e7\u00e3o Informa\u00e7\u00f5es Gerais Dura\u00e7\u00e3o: hor\u00e1ria total de 120 horas de atividades s\u00edncronas e ass\u00edncronas P\u00fablico-alvo: Agentes de Seguran\u00e7a P\u00fablica (Pol\u00edcia Civil, Pol\u00edcia Militar, Pol\u00edcia Rodovi\u00e1ria Federal, Pol\u00edcia Federal, Pol\u00edcia T\u00e9cnico-Cient\u00edfica, Guardas Municipais); Agentes de Fiscaliza\u00e7\u00e3o de entidades federais, estaduais e municipais, p\u00fablicas [&hellip;]<\/p>\n","protected":false},"author":2,"featured_media":0,"parent":0,"menu_order":0,"comment_status":"closed","ping_status":"closed","template":"elementor_header_footer","meta":{"footnotes":""},"class_list":["post-4921","page","type-page","status-publish","hentry"],"yoast_head":"<!-- This site is optimized with the Yoast SEO plugin v27.5 - https:\/\/yoast.com\/product\/yoast-seo-wordpress\/ -->\n<title>Programa de Forma\u00e7\u00e3o no Combate aos Mercados Il\u00edcitos de Insumos Agr\u00edcolas - 4\u00aa edi\u00e7\u00e3o - ESEM<\/title>\n<meta name=\"robots\" content=\"index, follow, max-snippet:-1, max-image-preview:large, max-video-preview:-1\" \/>\n<link rel=\"canonical\" href=\"https:\/\/esem.org.br\/es\/programa-de-formacao-no-combate-aos-mercados-ilicitos-de-insumos-agricolas-4a-edicao\/\" \/>\n<meta property=\"og:locale\" content=\"es_ES\" \/>\n<meta property=\"og:type\" content=\"article\" \/>\n<meta property=\"og:title\" content=\"Programa de Forma\u00e7\u00e3o no Combate aos Mercados Il\u00edcitos de Insumos Agr\u00edcolas - 4\u00aa edi\u00e7\u00e3o - ESEM\" \/>\n<meta property=\"og:description\" content=\"Programa de Forma\u00e7\u00e3o no Combate aos Mercados Il\u00edcitos de Insumos Agr\u00edcolas &#8211; 4\u00aa edi\u00e7\u00e3o Informa\u00e7\u00f5es Gerais Dura\u00e7\u00e3o: hor\u00e1ria total de 120 horas de atividades s\u00edncronas e ass\u00edncronas P\u00fablico-alvo: Agentes de Seguran\u00e7a P\u00fablica (Pol\u00edcia Civil, Pol\u00edcia Militar, Pol\u00edcia Rodovi\u00e1ria Federal, Pol\u00edcia Federal, Pol\u00edcia T\u00e9cnico-Cient\u00edfica, Guardas Municipais); Agentes de Fiscaliza\u00e7\u00e3o de entidades federais, estaduais e municipais, p\u00fablicas [&hellip;]\" \/>\n<meta property=\"og:url\" content=\"https:\/\/esem.org.br\/es\/programa-de-formacao-no-combate-aos-mercados-ilicitos-de-insumos-agricolas-4a-edicao\/\" \/>\n<meta property=\"og:site_name\" content=\"ESEM\" \/>\n<meta property=\"article:modified_time\" content=\"2025-09-15T22:24:11+00:00\" \/>\n<meta property=\"og:image\" content=\"https:\/\/esem.org.br\/wp-content\/uploads\/2025\/09\/PT-1-scaled.jpg\" \/>\n\t<meta property=\"og:image:width\" content=\"2048\" \/>\n\t<meta property=\"og:image:height\" content=\"2560\" \/>\n\t<meta property=\"og:image:type\" content=\"image\/jpeg\" \/>\n<meta name=\"twitter:card\" content=\"summary_large_image\" \/>\n<meta name=\"twitter:label1\" content=\"Tiempo de lectura\" \/>\n\t<meta name=\"twitter:data1\" content=\"4 minutos\" \/>\n<script type=\"application\/ld+json\" class=\"yoast-schema-graph\">{\"@context\":\"https:\\\/\\\/schema.org\",\"@graph\":[{\"@type\":\"WebPage\",\"@id\":\"https:\\\/\\\/esem.org.br\\\/programa-de-formacao-no-combate-aos-mercados-ilicitos-de-insumos-agricolas-4a-edicao\\\/\",\"url\":\"https:\\\/\\\/esem.org.br\\\/programa-de-formacao-no-combate-aos-mercados-ilicitos-de-insumos-agricolas-4a-edicao\\\/\",\"name\":\"Programa de Forma\u00e7\u00e3o no Combate aos Mercados Il\u00edcitos de Insumos Agr\u00edcolas - 4\u00aa edi\u00e7\u00e3o - ESEM\",\"isPartOf\":{\"@id\":\"https:\\\/\\\/esem.org.br\\\/pt\\\/#website\"},\"primaryImageOfPage\":{\"@id\":\"https:\\\/\\\/esem.org.br\\\/programa-de-formacao-no-combate-aos-mercados-ilicitos-de-insumos-agricolas-4a-edicao\\\/#primaryimage\"},\"image\":{\"@id\":\"https:\\\/\\\/esem.org.br\\\/programa-de-formacao-no-combate-aos-mercados-ilicitos-de-insumos-agricolas-4a-edicao\\\/#primaryimage\"},\"thumbnailUrl\":\"https:\\\/\\\/esem.org.br\\\/wp-content\\\/uploads\\\/2025\\\/09\\\/PT-1-819x1024.jpg\",\"datePublished\":\"2025-09-12T01:32:56+00:00\",\"dateModified\":\"2025-09-15T22:24:11+00:00\",\"breadcrumb\":{\"@id\":\"https:\\\/\\\/esem.org.br\\\/programa-de-formacao-no-combate-aos-mercados-ilicitos-de-insumos-agricolas-4a-edicao\\\/#breadcrumb\"},\"inLanguage\":\"es\",\"potentialAction\":[{\"@type\":\"ReadAction\",\"target\":[\"https:\\\/\\\/esem.org.br\\\/programa-de-formacao-no-combate-aos-mercados-ilicitos-de-insumos-agricolas-4a-edicao\\\/\"]}]},{\"@type\":\"ImageObject\",\"inLanguage\":\"es\",\"@id\":\"https:\\\/\\\/esem.org.br\\\/programa-de-formacao-no-combate-aos-mercados-ilicitos-de-insumos-agricolas-4a-edicao\\\/#primaryimage\",\"url\":\"https:\\\/\\\/esem.org.br\\\/wp-content\\\/uploads\\\/2025\\\/09\\\/PT-1-819x1024.jpg\",\"contentUrl\":\"https:\\\/\\\/esem.org.br\\\/wp-content\\\/uploads\\\/2025\\\/09\\\/PT-1-819x1024.jpg\"},{\"@type\":\"BreadcrumbList\",\"@id\":\"https:\\\/\\\/esem.org.br\\\/programa-de-formacao-no-combate-aos-mercados-ilicitos-de-insumos-agricolas-4a-edicao\\\/#breadcrumb\",\"itemListElement\":[{\"@type\":\"ListItem\",\"position\":1,\"name\":\"In\u00edcio\",\"item\":\"https:\\\/\\\/esem.org.br\\\/\"},{\"@type\":\"ListItem\",\"position\":2,\"name\":\"Programa de Forma\u00e7\u00e3o no Combate aos Mercados Il\u00edcitos de Insumos Agr\u00edcolas &#8211; 4\u00aa edi\u00e7\u00e3o\"}]},{\"@type\":\"WebSite\",\"@id\":\"https:\\\/\\\/esem.org.br\\\/pt\\\/#website\",\"url\":\"https:\\\/\\\/esem.org.br\\\/pt\\\/\",\"name\":\"ESEM Escola de Seguran\u00e7a Multidimensional\",\"description\":\"Escola de Seguran\u00e7a Multidimensional\",\"publisher\":{\"@id\":\"https:\\\/\\\/esem.org.br\\\/pt\\\/#organization\"},\"potentialAction\":[{\"@type\":\"SearchAction\",\"target\":{\"@type\":\"EntryPoint\",\"urlTemplate\":\"https:\\\/\\\/esem.org.br\\\/pt\\\/?s={search_term_string}\"},\"query-input\":{\"@type\":\"PropertyValueSpecification\",\"valueRequired\":true,\"valueName\":\"search_term_string\"}}],\"inLanguage\":\"es\"},{\"@type\":\"Organization\",\"@id\":\"https:\\\/\\\/esem.org.br\\\/pt\\\/#organization\",\"name\":\"ESEM Escola de Seguran\u00e7a Multidimensional\",\"url\":\"https:\\\/\\\/esem.org.br\\\/pt\\\/\",\"logo\":{\"@type\":\"ImageObject\",\"inLanguage\":\"es\",\"@id\":\"https:\\\/\\\/esem.org.br\\\/pt\\\/#\\\/schema\\\/logo\\\/image\\\/\",\"url\":\"https:\\\/\\\/esem.org.br\\\/wp-content\\\/uploads\\\/2022\\\/09\\\/Copia-de-WhatsApp-Image-2021-05-24-at-17.04.17-e1663853541820.jpeg\",\"contentUrl\":\"https:\\\/\\\/esem.org.br\\\/wp-content\\\/uploads\\\/2022\\\/09\\\/Copia-de-WhatsApp-Image-2021-05-24-at-17.04.17-e1663853541820.jpeg\",\"width\":739,\"height\":966,\"caption\":\"ESEM Escola de Seguran\u00e7a Multidimensional\"},\"image\":{\"@id\":\"https:\\\/\\\/esem.org.br\\\/pt\\\/#\\\/schema\\\/logo\\\/image\\\/\"}}]}<\/script>\n<!-- \/ Yoast SEO plugin. -->","yoast_head_json":{"title":"Programa de Forma\u00e7\u00e3o no Combate aos Mercados Il\u00edcitos de Insumos Agr\u00edcolas - 4\u00aa edi\u00e7\u00e3o - ESEM","robots":{"index":"index","follow":"follow","max-snippet":"max-snippet:-1","max-image-preview":"max-image-preview:large","max-video-preview":"max-video-preview:-1"},"canonical":"https:\/\/esem.org.br\/es\/programa-de-formacao-no-combate-aos-mercados-ilicitos-de-insumos-agricolas-4a-edicao\/","og_locale":"es_ES","og_type":"article","og_title":"Programa de Forma\u00e7\u00e3o no Combate aos Mercados Il\u00edcitos de Insumos Agr\u00edcolas - 4\u00aa edi\u00e7\u00e3o - ESEM","og_description":"Programa de Forma\u00e7\u00e3o no Combate aos Mercados Il\u00edcitos de Insumos Agr\u00edcolas &#8211; 4\u00aa edi\u00e7\u00e3o Informa\u00e7\u00f5es Gerais Dura\u00e7\u00e3o: hor\u00e1ria total de 120 horas de atividades s\u00edncronas e ass\u00edncronas P\u00fablico-alvo: Agentes de Seguran\u00e7a P\u00fablica (Pol\u00edcia Civil, Pol\u00edcia Militar, Pol\u00edcia Rodovi\u00e1ria Federal, Pol\u00edcia Federal, Pol\u00edcia T\u00e9cnico-Cient\u00edfica, Guardas Municipais); Agentes de Fiscaliza\u00e7\u00e3o de entidades federais, estaduais e municipais, p\u00fablicas [&hellip;]","og_url":"https:\/\/esem.org.br\/es\/programa-de-formacao-no-combate-aos-mercados-ilicitos-de-insumos-agricolas-4a-edicao\/","og_site_name":"ESEM","article_modified_time":"2025-09-15T22:24:11+00:00","og_image":[{"width":2048,"height":2560,"url":"https:\/\/esem.org.br\/wp-content\/uploads\/2025\/09\/PT-1-scaled.jpg","type":"image\/jpeg"}],"twitter_card":"summary_large_image","twitter_misc":{"Tiempo de lectura":"4 minutos"},"schema":{"@context":"https:\/\/schema.org","@graph":[{"@type":"WebPage","@id":"https:\/\/esem.org.br\/programa-de-formacao-no-combate-aos-mercados-ilicitos-de-insumos-agricolas-4a-edicao\/","url":"https:\/\/esem.org.br\/programa-de-formacao-no-combate-aos-mercados-ilicitos-de-insumos-agricolas-4a-edicao\/","name":"Programa de Forma\u00e7\u00e3o no Combate aos Mercados Il\u00edcitos de Insumos Agr\u00edcolas - 4\u00aa edi\u00e7\u00e3o - ESEM","isPartOf":{"@id":"https:\/\/esem.org.br\/pt\/#website"},"primaryImageOfPage":{"@id":"https:\/\/esem.org.br\/programa-de-formacao-no-combate-aos-mercados-ilicitos-de-insumos-agricolas-4a-edicao\/#primaryimage"},"image":{"@id":"https:\/\/esem.org.br\/programa-de-formacao-no-combate-aos-mercados-ilicitos-de-insumos-agricolas-4a-edicao\/#primaryimage"},"thumbnailUrl":"https:\/\/esem.org.br\/wp-content\/uploads\/2025\/09\/PT-1-819x1024.jpg","datePublished":"2025-09-12T01:32:56+00:00","dateModified":"2025-09-15T22:24:11+00:00","breadcrumb":{"@id":"https:\/\/esem.org.br\/programa-de-formacao-no-combate-aos-mercados-ilicitos-de-insumos-agricolas-4a-edicao\/#breadcrumb"},"inLanguage":"es","potentialAction":[{"@type":"ReadAction","target":["https:\/\/esem.org.br\/programa-de-formacao-no-combate-aos-mercados-ilicitos-de-insumos-agricolas-4a-edicao\/"]}]},{"@type":"ImageObject","inLanguage":"es","@id":"https:\/\/esem.org.br\/programa-de-formacao-no-combate-aos-mercados-ilicitos-de-insumos-agricolas-4a-edicao\/#primaryimage","url":"https:\/\/esem.org.br\/wp-content\/uploads\/2025\/09\/PT-1-819x1024.jpg","contentUrl":"https:\/\/esem.org.br\/wp-content\/uploads\/2025\/09\/PT-1-819x1024.jpg"},{"@type":"BreadcrumbList","@id":"https:\/\/esem.org.br\/programa-de-formacao-no-combate-aos-mercados-ilicitos-de-insumos-agricolas-4a-edicao\/#breadcrumb","itemListElement":[{"@type":"ListItem","position":1,"name":"In\u00edcio","item":"https:\/\/esem.org.br\/"},{"@type":"ListItem","position":2,"name":"Programa de Forma\u00e7\u00e3o no Combate aos Mercados Il\u00edcitos de Insumos Agr\u00edcolas &#8211; 4\u00aa edi\u00e7\u00e3o"}]},{"@type":"WebSite","@id":"https:\/\/esem.org.br\/pt\/#website","url":"https:\/\/esem.org.br\/pt\/","name":"ESEM Escola de Seguran\u00e7a Multidimensional","description":"Escuela de Seguridad Multidimensional","publisher":{"@id":"https:\/\/esem.org.br\/pt\/#organization"},"potentialAction":[{"@type":"SearchAction","target":{"@type":"EntryPoint","urlTemplate":"https:\/\/esem.org.br\/pt\/?s={search_term_string}"},"query-input":{"@type":"PropertyValueSpecification","valueRequired":true,"valueName":"search_term_string"}}],"inLanguage":"es"},{"@type":"Organization","@id":"https:\/\/esem.org.br\/pt\/#organization","name":"ESEM Escola de Seguran\u00e7a Multidimensional","url":"https:\/\/esem.org.br\/pt\/","logo":{"@type":"ImageObject","inLanguage":"es","@id":"https:\/\/esem.org.br\/pt\/#\/schema\/logo\/image\/","url":"https:\/\/esem.org.br\/wp-content\/uploads\/2022\/09\/Copia-de-WhatsApp-Image-2021-05-24-at-17.04.17-e1663853541820.jpeg","contentUrl":"https:\/\/esem.org.br\/wp-content\/uploads\/2022\/09\/Copia-de-WhatsApp-Image-2021-05-24-at-17.04.17-e1663853541820.jpeg","width":739,"height":966,"caption":"ESEM Escola de Seguran\u00e7a Multidimensional"},"image":{"@id":"https:\/\/esem.org.br\/pt\/#\/schema\/logo\/image\/"}}]}},"_links":{"self":[{"href":"https:\/\/esem.org.br\/es\/wp-json\/wp\/v2\/pages\/4921","targetHints":{"allow":["GET"]}}],"collection":[{"href":"https:\/\/esem.org.br\/es\/wp-json\/wp\/v2\/pages"}],"about":[{"href":"https:\/\/esem.org.br\/es\/wp-json\/wp\/v2\/types\/page"}],"author":[{"embeddable":true,"href":"https:\/\/esem.org.br\/es\/wp-json\/wp\/v2\/users\/2"}],"replies":[{"embeddable":true,"href":"https:\/\/esem.org.br\/es\/wp-json\/wp\/v2\/comments?post=4921"}],"version-history":[{"count":37,"href":"https:\/\/esem.org.br\/es\/wp-json\/wp\/v2\/pages\/4921\/revisions"}],"predecessor-version":[{"id":4965,"href":"https:\/\/esem.org.br\/es\/wp-json\/wp\/v2\/pages\/4921\/revisions\/4965"}],"wp:attachment":[{"href":"https:\/\/esem.org.br\/es\/wp-json\/wp\/v2\/media?parent=4921"}],"curies":[{"name":"wp","href":"https:\/\/api.w.org\/{rel}","templated":true}]}}